{"id":2569,"date":"2023-10-03T08:16:13","date_gmt":"2023-10-03T06:16:13","guid":{"rendered":"https:\/\/skp.si\/?post_type=dogodek&#038;p=15477"},"modified":"2024-08-08T10:07:08","modified_gmt":"2024-08-08T09:07:08","slug":"dan-odprtih-vrat-rejcev-drobnice","status":"publish","type":"tribe_events","link":"https:\/\/skp.si\/portal-znanja\/dogodek\/dan-odprtih-vrat-rejcev-drobnice\/","title":{"rendered":"Dan odprtih vrat rejcev drobnice"},"content":{"rendered":"<p>Zveza dru\u0161tev rejcev drobnice Slovenije tudi letos pripravlja dan odprtih vrat rejcev drobnice, ki bo potekal na posameznih kmetijah, kjer bodo ov\u010derejci in kozjerejci obiskovalcem poleg svojega dela predstavili rejo drobnice, kmetovanje in pomen pridelave hrane ter ohranjanja obdelanega in poseljenega pode\u017eelja. Obiskovalci bodo tudi imeli prilo\u017enost nakupa doma\u010dih pridelkov in izdelkov iz mesa, mleka ter volne.<\/p>\n<p><strong>Dan odprtih vrat kmetij bo potekal v soboto, 7. oktobra 2023, od 11. do 17. ure.<\/strong><\/p>\n<p>Slovenija je s svojimi zelenimi povr\u0161inami in hribovitim svetom pravi raj za rejo drobnice. Te skromne \u017eivali, ki so bile v nekem obdobju na\u0161e preteklosti odrinjene na rob, zadnja leta ponovno o\u017eivljajo nekdaj zapu\u0161\u010dene pa\u0161nike. Proizvodi, ki jih dajejo pa\u0161ne \u017eivali, so tudi v Sloveniji \u010dedalje bolj cenjeni. Zato je pomembno, da vemo, kje in kako je prirejena in pridelana hrana, ki jo zau\u017eivamo.<\/p>\n<p>Seznam kmetij, ki bodo svoja vrata odprle obiskovalcem, je objavljen na spletni strani <a href=\"http:\/\/www.drobnica.si\" target=\"_blank\" rel=\"noopener nofollow external noreferrer\" data-wpel-link=\"external\" class=\"wpel-icon-right\">www.drobnica.si<i class=\"wpel-icon dashicons-before dashicons-external\" aria-hidden=\"true\"><\/i><\/a>.<\/p>\n<p>Dogodek podpirata Evropska unija iz Evropskega kmetijskega sklada za razvoj pode\u017eelja ter Republika Slovenija v okviru Programa razvoja pode\u017eelja 2014\u20132020.<\/p>\n<p>Prisr\u010dno vabljeni!<\/p>\n<hr \/>\n<h5><strong>Kmetije, ki bodo odprle svoja vrata in vas prijazno sprejele:<\/strong><\/h5>\n<p><strong>Ekolo\u0161ka kmetija Vu\u010dji ogrizek<\/strong><\/p>\n<p><strong>Dru\u017eina Grabrijan<\/strong><\/p>\n<ul>\n<li>Velika Sela 6, 8341 Adle\u0161i\u010di<\/li>\n<li>041 981 786<\/li>\n<li><a href=\"mailto:kmetija@vucji-ogrizek.si\">kmetija@vucji-ogrizek.si<\/a><\/li>\n<li><a href=\"http:\/\/www.vucji-ogrizek.si\" target=\"_blank\" rel=\"noopener nofollow external noreferrer\" data-wpel-link=\"external\" class=\"wpel-icon-right\">www.vucji-ogrizek.si<i class=\"wpel-icon dashicons-before dashicons-external\" aria-hidden=\"true\"><\/i><\/a><\/li>\n<li>Facebook: Kmetija Vu\u010dji ogrizek<\/li>\n<\/ul>\n<p><strong>Kmetijski zavod Bric, So\u010da<\/strong><\/p>\n<p><strong>Dru\u017eina Bric<\/strong><\/p>\n<ul>\n<li>Hru\u0161evlje 10, 5212 Dobrovo v Brdih<\/li>\n<li>051 611 105<\/li>\n<li><a href=\"mailto:vitomir@bric.si\">vitomir@bric.si<\/a><\/li>\n<li><a href=\"http:\/\/www.bric.si\" target=\"_blank\" rel=\"noopener nofollow external noreferrer\" data-wpel-link=\"external\" class=\"wpel-icon-right\">www.bric.si<i class=\"wpel-icon dashicons-before dashicons-external\" aria-hidden=\"true\"><\/i><\/a><\/li>\n<li>Facebook: neza.bric<\/li>\n<\/ul>\n<p><strong>Domen Virant<\/strong><\/p>\n<ul>\n<li>Vol\u010dji Potok 7, 1235 Radomlje<\/li>\n<li>031 267 158<\/li>\n<li><a href=\"mailto:domenvirant@gmail.com\">domenvirant@gmail.com<\/a><\/li>\n<li>Facebook: domen.virant<\/li>\n<\/ul>\n<p><strong>Kmetija Pr&#8217; Popr<\/strong><\/p>\n<p><strong>Simona Ko\u0161ir<\/strong><\/p>\n<ul>\n<li>\u010crni Vrh 31, 1355 Polhov Gradec<\/li>\n<li>041 940 804<\/li>\n<li><a href=\"mailto:simona.kosir5@gmail.com\">simona.kosir5@gmail.com<\/a><\/li>\n<li><a href=\"http:\/\/www.alpacasbarn.com\" target=\"_blank\" rel=\"noopener nofollow external noreferrer\" data-wpel-link=\"external\" class=\"wpel-icon-right\">www.alpacasbarn.com<i class=\"wpel-icon dashicons-before dashicons-external\" aria-hidden=\"true\"><\/i><\/a><\/li>\n<\/ul>\n<p><strong>Kmetija Zg. Smolnikar<\/strong><\/p>\n<p><strong>Marija Kon\u010dan <\/strong><\/p>\n<ul>\n<li>Smolnik 9, Polhov Gradec<\/li>\n<\/ul>\n<p><strong>Kmetija Na Prosenov<\/strong><\/p>\n<ul>\n<li>\u010crni Vrh 24, 1355 Polhov Gradec<\/li>\n<li>031 526 543<\/li>\n<li><a href=\"mailto:koncan1806@gmail.com\">koncan1806@gmail.com<\/a><\/li>\n<li>Facebook: Kmetija na Prosenov<\/li>\n<\/ul>\n<p><strong>Doma\u010dija \u010cil\u010devi<\/strong><\/p>\n<p><strong>Tom Lo\u010dni\u0161kar<\/strong><\/p>\n<ul>\n<li>Pedrovo 1, 5295 Branik<\/li>\n<li>040 601 307<\/li>\n<li><a href=\"mailto:domacija.cilcevi@gmail.com\">domacija.cilcevi@gmail.com<\/a><\/li>\n<li>Facebook: cilcevi.homestead<\/li>\n<\/ul>\n<p><strong>Kmetija Bla\u017eevi\u010d<\/strong><\/p>\n<ul>\n<li>Kne\u017eja lipa 6, 1330 Ko\u010devje<\/li>\n<li>031 662 374<\/li>\n<li>Facebook: Ekolo\u0161ka kmetija Bla\u017eevi\u010d<\/li>\n<\/ul>\n<p><strong>Kmetija Gor\u0161i\u010d<\/strong><\/p>\n<ul>\n<li>Kne\u017eja lipa 1a, 1330 Ko\u010devje<\/li>\n<li>051 706 841<\/li>\n<li><a href=\"mailto:kmetijagorsic@gmail.com\">kmetijagorsic@gmail.com<\/a><\/li>\n<li>Facebook: Kmetija Gor\u0161i\u010d<\/li>\n<\/ul>\n<p><strong>Kmetija Hobi\u010d<\/strong><\/p>\n<ul>\n<li>Nem\u0161ka loka 1, 1330 Ko\u010devje<\/li>\n<li>031 675 641<\/li>\n<li><a href=\"mailto:joze.hobic@gmail.com\">joze.hobic@gmail.com<\/a><\/li>\n<li>Facebook: Kmetija Hobi\u010d<\/li>\n<\/ul>\n<p><strong>Kmetija Bedra\u010d<\/strong><\/p>\n<p><strong>Milka Bedra\u010d<\/strong><\/p>\n<ul>\n<li>Slatina 55 B, 2282 Cirkulane<\/li>\n<li>031 880 245<\/li>\n<li><a href=\"mailto:kmetija.bedrac@gmail.com\">kmetija.bedrac@gmail.com<\/a><\/li>\n<li><a href=\"http:\/\/www.kmetija-bedrac.si\/\" target=\"_blank\" rel=\"noopener nofollow external noreferrer\" data-wpel-link=\"external\" class=\"wpel-icon-right\">www.kmetija-bedrac.si<i class=\"wpel-icon dashicons-before dashicons-external\" aria-hidden=\"true\"><\/i><\/a><\/li>\n<li>Facebook: Kmetija Bedra\u010d<\/li>\n<\/ul>\n<p>&nbsp;<\/p>\n<p><strong>Ekolo\u0161ka kmetija Francetovi<\/strong><\/p>\n<p><strong>Vera Lipi\u010dar<\/strong><\/p>\n<ul>\n<li>Nova vas 15, 5291 Miren<\/li>\n<li>031 743 428<\/li>\n<li><a href=\"mailto:vera.lipicar@gmail.com\">vera.lipicar@gmail.com<\/a><\/li>\n<li>Facebook: Kozjereja in sirarstvo Lipi\u010dar<\/li>\n<\/ul>\n<p><strong>Kmetija \u017derjal<\/strong><\/p>\n<ul>\n<li>Tomaj 75 B, 6221 Dutovlje<\/li>\n<li>031 691 522<\/li>\n<li><a href=\"mailto:kmetija.zerjal@gmail.com\">kmetija.zerjal@gmail.com<\/a><\/li>\n<li>Facebook: Kmetija \u017derjal<\/li>\n<\/ul>\n","protected":false},"excerpt":{"rendered":"<p>Zveza dru\u0161tev rejcev drobnice Slovenije tudi letos pripravlja dan odprtih vrat rejcev drobnice, ki bo potekal na posameznih kmetijah, kjer &#8230;<\/p>\n","protected":false},"author":1,"featured_media":0,"template":"","meta":{"_acf_changed":false,"inline_featured_image":false,"sfsi_plus_gutenberg_text_before_share":"","sfsi_plus_gutenberg_show_text_before_share":"","sfsi_plus_gutenberg_icon_type":"","sfsi_plus_gutenberg_icon_alignemt":"","sfsi_plus_gutenburg_max_per_row":"","_tribe_events_status":"","_tribe_events_status_reason":"","_tribe_events_is_hybrid":"","_tribe_events_is_virtual":"","_tribe_events_virtual_video_source":"","_tribe_events_virtual_embed_video":"","_tribe_events_virtual_linked_button_text":"","_tribe_events_virtual_linked_button":"","_tribe_events_virtual_show_embed_at":"","_tribe_events_virtual_show_embed_to":[],"_tribe_events_virtual_show_on_event":"","_tribe_events_virtual_show_on_views":"","_tribe_events_virtual_url":"","footnotes":""},"tags":[],"tribe_events_cat":[],"class_list":["post-2569","tribe_events","type-tribe_events","status-publish","hentry"],"acf":[],"_links":{"self":[{"href":"https:\/\/skp.si\/portal-znanja\/wp-json\/wp\/v2\/tribe_events\/2569","targetHints":{"allow":["GET"]}}],"collection":[{"href":"https:\/\/skp.si\/portal-znanja\/wp-json\/wp\/v2\/tribe_events"}],"about":[{"href":"https:\/\/skp.si\/portal-znanja\/wp-json\/wp\/v2\/types\/tribe_events"}],"author":[{"embeddable":true,"href":"https:\/\/skp.si\/portal-znanja\/wp-json\/wp\/v2\/users\/1"}],"version-history":[{"count":1,"href":"https:\/\/skp.si\/portal-znanja\/wp-json\/wp\/v2\/tribe_events\/2569\/revisions"}],"predecessor-version":[{"id":2785,"href":"https:\/\/skp.si\/portal-znanja\/wp-json\/wp\/v2\/tribe_events\/2569\/revisions\/2785"}],"wp:attachment":[{"href":"https:\/\/skp.si\/portal-znanja\/wp-json\/wp\/v2\/media?parent=2569"}],"wp:term":[{"taxonomy":"post_tag","embeddable":true,"href":"https:\/\/skp.si\/portal-znanja\/wp-json\/wp\/v2\/tags?post=2569"},{"taxonomy":"tribe_events_cat","embeddable":true,"href":"https:\/\/skp.si\/portal-znanja\/wp-json\/wp\/v2\/tribe_events_cat?post=2569"}],"curies":[{"name":"wp","href":"https:\/\/api.w.org\/{rel}","templated":true}]}}